{"id":440,"date":"2023-07-04T10:04:43","date_gmt":"2023-07-04T14:04:43","guid":{"rendered":"https:\/\/zivte.com\/nouvelles\/"},"modified":"2023-09-15T11:48:19","modified_gmt":"2023-09-15T15:48:19","slug":"news","status":"publish","type":"page","link":"https:\/\/zivte.com\/en\/news\/","title":{"rendered":"News"},"content":{"rendered":"<section class=\"l-section wpb_row height_auto color_alternate with_img\"><div class=\"l-section-img\" role=\"img\" aria-label=\"Image\" data-img-width=\"1920\" data-img-height=\"1280\" style=\"background-image: url(https:\/\/zivte.com\/assets\/2023\/03\/eoliennes.jpeg);\"><\/div><div class=\"l-section-overlay\" style=\"background:var(--color-content-overlay)\"><\/div><div class=\"l-section-h i-cf\"><div class=\"g-cols vc_row via_grid cols_1 laptops-cols_inherit tablets-cols_inherit mobiles-cols_1 valign_top type_default stacking_default\"><div class=\"wpb_column vc_column_container\"><div class=\"vc_column-inner\"><div class=\"wpb_text_column us_custom_60e9caca us_animate_this\"><div class=\"wpb_wrapper\"><h1 style=\"text-align: center;\">News<\/h1>\n<\/div><\/div><\/div><\/div><\/div><\/div><\/section><section class=\"l-section wpb_row height_auto\"><div class=\"l-section-h i-cf\"><div class=\"g-cols vc_row via_grid cols_1 laptops-cols_inherit tablets-cols_inherit mobiles-cols_1 valign_top type_default stacking_default\"><div class=\"wpb_column vc_column_container\"><div class=\"vc_column-inner\"><div class=\"w-grid us_grid type_grid layout_337 cols_3 pagination_infinite preload_style_spinner\" id=\"us_grid_1\" style=\"--columns:3;--gap:1.5rem;\" data-filterable=\"true\"><style>@media (max-width:1024px){#us_grid_1{--columns:2!important}}@media (max-width:769px){#us_grid_1{--columns:1!important}}.layout_337 .w-grid-item-h{}.layout_337 .usg_post_image_1{margin-bottom:1.5rem!important}.layout_337 .usg_post_title_1{margin-bottom:1rem!important}<\/style><div class=\"w-grid-list\">\t<article class=\"w-grid-item size_1x1 post-1552 post type-post status-publish format-standard has-post-thumbnail hentry category-non-classifiee\" data-id=\"1552\">\r\n\t\t<div class=\"w-grid-item-h\">\r\n\t\t\t\t\t\t<div class=\"w-post-elm post_image usg_post_image_1 has_ratio\"><a href=\"https:\/\/zivte.com\/en\/a-thoughtful-transition-and-ensured-continuity-in-the-executive-leadership-of-the-energy-transition-valley\/\" aria-label=\"A thoughtful transition and ensured continuity in the executive leadership of the Energy Transition Valley\"><img decoding=\"async\" width=\"1024\" height=\"767\" src=\"https:\/\/zivte.com\/assets\/2024\/11\/andreas-kind-SwLPmCYo-QM-unsplash_rt-1024x767.png\" class=\"attachment-large size-large wp-post-image\" alt=\"\" \/><\/a><div style=\"padding-bottom:75%\"><\/div><\/div><h2 class=\"w-post-elm post_title usg_post_title_1 style-h3 entry-title color_link_inherit\"><a href=\"https:\/\/zivte.com\/en\/a-thoughtful-transition-and-ensured-continuity-in-the-executive-leadership-of-the-energy-transition-valley\/\">A thoughtful transition and ensured continuity in the executive leadership of the Energy Transition Valley<\/a><\/h2><div class=\"w-post-elm post_content usg_post_content_1\">Trois-Rivi\u00e8res, April 28, 2026, PRESS RELEASE &#8211; A thoughtful transition and ensured continuity in the executive leadership of the Energy Transition Valley. After four years as Executive Director of the&hellip;<\/div>\t\t<\/div>\r\n\t\t\t<\/article>\r\n\t<article class=\"w-grid-item size_1x1 post-1265 post type-post status-publish format-standard has-post-thumbnail hentry category-non-classifiee\" data-id=\"1265\">\r\n\t\t<div class=\"w-grid-item-h\">\r\n\t\t\t\t\t\t<div class=\"w-post-elm post_image usg_post_image_1 has_ratio\"><a href=\"https:\/\/zivte.com\/en\/the-vte-launches-the-pan-canadian-hydrogen-hubs-alliance-to-accelerate-clean-energy-innovation\/\" aria-label=\"The VTE Launches the Pan-Canadian Hydrogen Hubs Alliance to Accelerate Clean Energy Innovation\"><img decoding=\"async\" width=\"1024\" height=\"768\" src=\"https:\/\/zivte.com\/assets\/2025\/10\/original-FFBC1E06-0B47-4817-8A44-3FCFC6A60F8D-1024x768.jpeg\" class=\"attachment-large size-large wp-post-image\" alt=\"\" \/><\/a><div style=\"padding-bottom:75%\"><\/div><\/div><h2 class=\"w-post-elm post_title usg_post_title_1 style-h3 entry-title color_link_inherit\"><a href=\"https:\/\/zivte.com\/en\/the-vte-launches-the-pan-canadian-hydrogen-hubs-alliance-to-accelerate-clean-energy-innovation\/\">The VTE Launches the Pan-Canadian Hydrogen Hubs Alliance to Accelerate Clean Energy Innovation<\/a><\/h2><div class=\"w-post-elm post_content usg_post_content_1\">PRESS RELEASE &#8211; Trois-Rivi\u00e8res, Quebec, October 1, 2025 \u2014 The Energy Transition Valley (VTE), Quebec\u2019s flagship clean energy initiative, today announces the official launch of the Pan-Canadian Hydrogen Hubs Alliance,&hellip;<\/div>\t\t<\/div>\r\n\t\t\t<\/article>\r\n\t<article class=\"w-grid-item size_1x1 post-1364 post type-post status-publish format-standard has-post-thumbnail hentry category-non-classifiee\" data-id=\"1364\">\r\n\t\t<div class=\"w-grid-item-h\">\r\n\t\t\t\t\t\t<div class=\"w-post-elm post_image usg_post_image_1 has_ratio\"><a href=\"https:\/\/zivte.com\/en\/3rd-annual-general-meeting-of-the-energy-transition-valley\/\" aria-label=\"3rd Annual General Meeting of the Energy Transition Valley\"><img decoding=\"async\" width=\"1024\" height=\"768\" src=\"https:\/\/zivte.com\/assets\/2025\/09\/Resized_20250923_141238-1024x768.jpeg\" class=\"attachment-large size-large wp-post-image\" alt=\"\" \/><\/a><div style=\"padding-bottom:75%\"><\/div><\/div><h2 class=\"w-post-elm post_title usg_post_title_1 style-h3 entry-title color_link_inherit\"><a href=\"https:\/\/zivte.com\/en\/3rd-annual-general-meeting-of-the-energy-transition-valley\/\">3rd Annual General Meeting of the Energy Transition Valley<\/a><\/h2><div class=\"w-post-elm post_content usg_post_content_1\">The VTE held its Annual General Meeting on September 23, 2025. This event brought together our members, partners, and collaborators for a stimulating exchange and mobilization for the future of&hellip;<\/div>\t\t<\/div>\r\n\t\t\t<\/article>\r\n\t<article class=\"w-grid-item size_1x1 post-1361 post type-post status-publish format-standard has-post-thumbnail hentry category-non-classifiee\" data-id=\"1361\">\r\n\t\t<div class=\"w-grid-item-h\">\r\n\t\t\t\t\t\t<div class=\"w-post-elm post_image usg_post_image_1 has_ratio\"><a href=\"https:\/\/zivte.com\/en\/a-collaboration-agreement-between-the-vte-and-the-communaute-dagglomeration-bethune-bruay-artois-lys-romane-cabbalr\/\" aria-label=\"A collaboration agreement between the VTE and the Communaut\u00e9 d\u2019Agglom\u00e9ration B\u00e9thune-Bruay Artois Lys Romane (CABBALR)\"><img decoding=\"async\" width=\"1024\" height=\"768\" src=\"https:\/\/zivte.com\/assets\/2025\/09\/IMG_3033-1024x768.jpeg\" class=\"attachment-large size-large wp-post-image\" alt=\"\" \/><\/a><div style=\"padding-bottom:75%\"><\/div><\/div><h2 class=\"w-post-elm post_title usg_post_title_1 style-h3 entry-title color_link_inherit\"><a href=\"https:\/\/zivte.com\/en\/a-collaboration-agreement-between-the-vte-and-the-communaute-dagglomeration-bethune-bruay-artois-lys-romane-cabbalr\/\">A collaboration agreement between the VTE and the Communaut\u00e9 d\u2019Agglom\u00e9ration B\u00e9thune-Bruay Artois Lys Romane (CABBALR)<\/a><\/h2><div class=\"w-post-elm post_content usg_post_content_1\">Today, the VTE welcomed an official delegation from the COMMUNAUTE D\u2019AGGLOMERATION BETHUNE-BRUAY ARTOIS LYS ROMANE (CABBALR) to B\u00e9cancour Town Hall. The delegation included Mr. Olivier Gacquerre, President of the B\u00e9thune-Bruay&hellip;<\/div>\t\t<\/div>\r\n\t\t\t<\/article>\r\n\t<article class=\"w-grid-item size_1x1 post-1168 post type-post status-publish format-standard has-post-thumbnail hentry category-non-classifiee\" data-id=\"1168\">\r\n\t\t<div class=\"w-grid-item-h\">\r\n\t\t\t\t\t\t<div class=\"w-post-elm post_image usg_post_image_1 has_ratio\"><a href=\"https:\/\/zivte.com\/en\/vte-and-four-industrial-research-clusters-join-forces-to-promote-energy-transition\/\" aria-label=\"VTE and four industrial research clusters join forces to promote energy transition\"><img decoding=\"async\" width=\"1024\" height=\"768\" src=\"https:\/\/zivte.com\/assets\/2025\/05\/Photo_Entente_RSRI-VTE-1024x768.jpg\" class=\"attachment-large size-large wp-post-image\" alt=\"\" \/><\/a><div style=\"padding-bottom:75%\"><\/div><\/div><h2 class=\"w-post-elm post_title usg_post_title_1 style-h3 entry-title color_link_inherit\"><a href=\"https:\/\/zivte.com\/en\/vte-and-four-industrial-research-clusters-join-forces-to-promote-energy-transition\/\">VTE and four industrial research clusters join forces to promote energy transition<\/a><\/h2><div class=\"w-post-elm post_content usg_post_content_1\">PRESS RELEASE &#8211; Trois-Rivi\u00e8res, May 28, 2025 \u2013 Born out of a desire to coordinate their efforts to accelerate the energy transition and optimize Quebec&#8217;s economic development, the Vall\u00e9e de&hellip;<\/div>\t\t<\/div>\r\n\t\t\t<\/article>\r\n\t<article class=\"w-grid-item size_1x1 post-1166 post type-post status-publish format-standard has-post-thumbnail hentry category-non-classifiee\" data-id=\"1166\">\r\n\t\t<div class=\"w-grid-item-h\">\r\n\t\t\t\t\t\t<div class=\"w-post-elm post_image usg_post_image_1 has_ratio\"><a href=\"https:\/\/zivte.com\/en\/the-vte-and-the-city-of-nicolet-welcome-a-delegation-of-french-agricultural-machinery-entrepreneurs\/\" aria-label=\"The VTE and the City of Nicolet welcome a delegation of French agricultural machinery entrepreneurs\"><img decoding=\"async\" width=\"800\" height=\"488\" src=\"https:\/\/zivte.com\/assets\/2025\/05\/20250501_Communique_VTE-Nicolet_CGMA_VF-2.jpeg\" class=\"attachment-large size-large wp-post-image\" alt=\"\" \/><\/a><div style=\"padding-bottom:75%\"><\/div><\/div><h2 class=\"w-post-elm post_title usg_post_title_1 style-h3 entry-title color_link_inherit\"><a href=\"https:\/\/zivte.com\/en\/the-vte-and-the-city-of-nicolet-welcome-a-delegation-of-french-agricultural-machinery-entrepreneurs\/\">The VTE and the City of Nicolet welcome a delegation of French agricultural machinery entrepreneurs<\/a><\/h2><div class=\"w-post-elm post_content usg_post_content_1\">PRESS RELEASE &#8211; Nicolet, May 1, 2025 \u2013 The Energy Transition Valley (VTE) and the City of Nicolet are proud to have welcomed a French delegation of some 20 leaders&hellip;<\/div>\t\t<\/div>\r\n\t\t\t<\/article>\r\n\t<article class=\"w-grid-item size_1x1 post-1164 post type-post status-publish format-standard has-post-thumbnail hentry category-non-classifiee\" data-id=\"1164\">\r\n\t\t<div class=\"w-grid-item-h\">\r\n\t\t\t\t\t\t<div class=\"w-post-elm post_image usg_post_image_1 has_ratio\"><a href=\"https:\/\/zivte.com\/en\/a-strategic-agreement-to-revolutionize-transport-electrification-and-port-decarbonization\/\" aria-label=\"A strategic agreement to revolutionize transport electrification and port decarbonization\"><img decoding=\"async\" width=\"1024\" height=\"577\" src=\"https:\/\/zivte.com\/assets\/2025\/01\/CP_23janvierVTE3-1024x577.jpg\" class=\"attachment-large size-large wp-post-image\" alt=\"\" \/><\/a><div style=\"padding-bottom:75%\"><\/div><\/div><h2 class=\"w-post-elm post_title usg_post_title_1 style-h3 entry-title color_link_inherit\"><a href=\"https:\/\/zivte.com\/en\/a-strategic-agreement-to-revolutionize-transport-electrification-and-port-decarbonization\/\">A strategic agreement to revolutionize transport electrification and port decarbonization<\/a><\/h2><div class=\"w-post-elm post_content usg_post_content_1\">PRESS RELEASE &#8211; Trois-Rivi\u00e8res, January 23, 2024 \u2013 The Energy Transition Valley (VTE) is proud to announce the signing of a historic agreement bringing together leading players in the fields&hellip;<\/div>\t\t<\/div>\r\n\t\t\t<\/article>\r\n\t<article class=\"w-grid-item size_1x1 post-1161 post type-post status-publish format-standard has-post-thumbnail hentry category-non-classifiee\" data-id=\"1161\">\r\n\t\t<div class=\"w-grid-item-h\">\r\n\t\t\t\t\t\t<div class=\"w-post-elm post_image usg_post_image_1 has_ratio\"><a href=\"https:\/\/zivte.com\/en\/1161\/\" aria-label=\"Nearly $3 million for research in the innovation zone \u2013 Energy Transition Valley\"><img decoding=\"async\" width=\"1024\" height=\"683\" src=\"https:\/\/zivte.com\/assets\/2025\/01\/image1-1024x683.jpg\" class=\"attachment-large size-large wp-post-image\" alt=\"\" \/><\/a><div style=\"padding-bottom:75%\"><\/div><\/div><h2 class=\"w-post-elm post_title usg_post_title_1 style-h3 entry-title color_link_inherit\"><a href=\"https:\/\/zivte.com\/en\/1161\/\">Nearly $3 million for research in the innovation zone \u2013 Energy Transition Valley<\/a><\/h2><div class=\"w-post-elm post_content usg_post_content_1\">Nearly $3 million to support research in the Energy Transition Valley. The Energy Transition Valley is proud to announce that four research projects have been awarded grants under the Partnership&hellip;<\/div>\t\t<\/div>\r\n\t\t\t<\/article>\r\n\t<article class=\"w-grid-item size_1x1 post-1158 post type-post status-publish format-standard has-post-thumbnail hentry category-non-classifiee\" data-id=\"1158\">\r\n\t\t<div class=\"w-grid-item-h\">\r\n\t\t\t\t\t\t<div class=\"w-post-elm post_image usg_post_image_1 has_ratio\"><a href=\"https:\/\/zivte.com\/en\/the-vte-unveils-its-strategic-plan-for-2024-2028-and-presents-its-next-steps\/\" aria-label=\"The VTE unveils its Strategic Plan for 2024-2028 and presents its next steps\"><img decoding=\"async\" width=\"1024\" height=\"768\" src=\"https:\/\/zivte.com\/assets\/2024\/11\/Photo-equipe-VTE-1024x768.jpg\" class=\"attachment-large size-large wp-post-image\" alt=\"\" \/><\/a><div style=\"padding-bottom:75%\"><\/div><\/div><h2 class=\"w-post-elm post_title usg_post_title_1 style-h3 entry-title color_link_inherit\"><a href=\"https:\/\/zivte.com\/en\/the-vte-unveils-its-strategic-plan-for-2024-2028-and-presents-its-next-steps\/\">The VTE unveils its Strategic Plan for 2024-2028 and presents its next steps<\/a><\/h2><div class=\"w-post-elm post_content usg_post_content_1\">PRESS RELEASE &#8211; Trois-Rivi\u00e8res, November 28, 2024\u2013 As a result of meticulous work carried out with the support and collaboration of stakeholders in its ecosystem, the Vall\u00e9e de la Transition&hellip;<\/div>\t\t<\/div>\r\n\t\t\t<\/article>\r\n\t<article class=\"w-grid-item size_1x1 post-948 post type-post status-publish format-standard has-post-thumbnail hentry category-non-classifiee\" data-id=\"948\">\r\n\t\t<div class=\"w-grid-item-h\">\r\n\t\t\t\t\t\t<div class=\"w-post-elm post_image usg_post_image_1 has_ratio\"><a href=\"https:\/\/zivte.com\/en\/a-look-back-at-the-mission-to-seoul-by-the-founding-members-of-energy-transition-valley\/\" aria-label=\"A look back at the mission to Seoul by the founding members of Energy Transition Valley\"><img decoding=\"async\" width=\"1024\" height=\"577\" src=\"https:\/\/zivte.com\/assets\/2024\/10\/1729000258067-1024x577.jpg\" class=\"attachment-large size-large wp-post-image\" alt=\"\" \/><\/a><div style=\"padding-bottom:75%\"><\/div><\/div><h2 class=\"w-post-elm post_title usg_post_title_1 style-h3 entry-title color_link_inherit\"><a href=\"https:\/\/zivte.com\/en\/a-look-back-at-the-mission-to-seoul-by-the-founding-members-of-energy-transition-valley\/\">A look back at the mission to Seoul by the founding members of Energy Transition Valley<\/a><\/h2><div class=\"w-post-elm post_content usg_post_content_1\">B\u00e9cancour, October 15, 2024, PRESS RELEASE &#8211; Back from their mission in Seoul, the Energy Transition Valley (VTE), its founding members and the Quebec Delegation to Seoul (DQS) team are&hellip;<\/div>\t\t<\/div>\r\n\t\t\t<\/article>\r\n\t<article class=\"w-grid-item size_1x1 post-943 post type-post status-publish format-standard has-post-thumbnail hentry category-non-classifiee\" data-id=\"943\">\r\n\t\t<div class=\"w-grid-item-h\">\r\n\t\t\t\t\t\t<div class=\"w-post-elm post_image usg_post_image_1 has_ratio\"><a href=\"https:\/\/zivte.com\/en\/943\/\" aria-label=\"Energy Transition Valley and its founding members travel to Seoul for \u201cSeoul Smart Life Week\u201d\"><img decoding=\"async\" width=\"1024\" height=\"467\" src=\"https:\/\/zivte.com\/assets\/2024\/10\/Capture-decran-2024-10-02-112023-1024x467.png\" class=\"attachment-large size-large wp-post-image\" alt=\"\" \/><\/a><div style=\"padding-bottom:75%\"><\/div><\/div><h2 class=\"w-post-elm post_title usg_post_title_1 style-h3 entry-title color_link_inherit\"><a href=\"https:\/\/zivte.com\/en\/943\/\">Energy Transition Valley and its founding members travel to Seoul for \u201cSeoul Smart Life Week\u201d<\/a><\/h2><div class=\"w-post-elm post_content usg_post_content_1\">B\u00e9cancour, October 2, 2024, PRESS RELEASE &#8211; International business mission organized by Energy Transition Valley and the Qu\u00e9bec Delegation in Seoul. B\u00e9cancour, Shawinigan, Trois-Rivi\u00e8res and UQTR head to Seoul for&hellip;<\/div>\t\t<\/div>\r\n\t\t\t<\/article>\r\n\t<article class=\"w-grid-item size_1x1 post-856 post type-post status-publish format-standard has-post-thumbnail hentry category-non-classifiee\" data-id=\"856\">\r\n\t\t<div class=\"w-grid-item-h\">\r\n\t\t\t\t\t\t<div class=\"w-post-elm post_image usg_post_image_1 has_ratio\"><a href=\"https:\/\/zivte.com\/en\/annual-report-2023-2024\/\" aria-label=\"Annual Report 2023-2024\"><img decoding=\"async\" width=\"1024\" height=\"683\" src=\"https:\/\/zivte.com\/assets\/2024\/09\/AdobeStock_225586465-1024x683.jpg\" class=\"attachment-large size-large wp-post-image\" alt=\"\" \/><\/a><div style=\"padding-bottom:75%\"><\/div><\/div><h2 class=\"w-post-elm post_title usg_post_title_1 style-h3 entry-title color_link_inherit\"><a href=\"https:\/\/zivte.com\/en\/annual-report-2023-2024\/\">Annual Report 2023-2024<\/a><\/h2><div class=\"w-post-elm post_content usg_post_content_1\">It is with great pleasure that we present our annual report, which reflect a rich year for the development of the energy transition ecosystem. Thanks to the commitment and passion&hellip;<\/div>\t\t<\/div>\r\n\t\t\t<\/article>\r\n<\/div>\t<div class=\"w-grid-preloader\">\r\n\t\t<div class=\"g-preloader type_1\">\r\n\t\t\t<div><\/div>\r\n\t\t<\/div>\r\n\t<\/div>\r\n\t\t\t\t<div class=\"g-loadmore \">\r\n\t\t\t\t<div class=\"g-preloader type_1\">\r\n\t\t\t\t\t<div><\/div>\r\n\t\t\t\t<\/div>\r\n\t\t\t\t<button class=\"w-btn us-btn-style_1\">\r\n\t\t\t\t\t<span class=\"w-btn-label\">Load More<\/span>\r\n\t\t\t\t<\/button>\r\n\t\t\t<\/div>\r\n\t\t\t\t<div class=\"w-grid-json hidden\" onclick='return {&quot;action&quot;:&quot;us_ajax_grid&quot;,&quot;infinite_scroll&quot;:true,&quot;max_num_pages&quot;:2,&quot;pagination&quot;:&quot;ajax&quot;,&quot;template_vars&quot;:{&quot;columns&quot;:&quot;3&quot;,&quot;exclude_items&quot;:&quot;none&quot;,&quot;img_size&quot;:&quot;default&quot;,&quot;ignore_items_size&quot;:0,&quot;items_layout&quot;:&quot;337&quot;,&quot;items_offset&quot;:&quot;1&quot;,&quot;load_animation&quot;:&quot;none&quot;,&quot;overriding_link&quot;:&quot;{\\&quot;url\\&quot;:\\&quot;\\&quot;}&quot;,&quot;post_id&quot;:0,&quot;query_args&quot;:{&quot;post_type&quot;:[&quot;post&quot;],&quot;post_status&quot;:[&quot;publish&quot;,&quot;acf-disabled&quot;],&quot;posts_per_page&quot;:&quot;12&quot;},&quot;orderby_query_args&quot;:{&quot;orderby&quot;:{&quot;date&quot;:&quot;DESC&quot;}},&quot;type&quot;:&quot;grid&quot;,&quot;us_grid_post_type&quot;:&quot;post&quot;,&quot;us_grid_ajax_index&quot;:1,&quot;us_grid_filter_query_string&quot;:null,&quot;us_grid_index&quot;:1,&quot;page_args&quot;:[],&quot;lang&quot;:&quot;en&quot;}}'><\/div>\r\n\t<\/div><\/div><\/div><\/div><\/div><\/section>\n","protected":false},"excerpt":{"rendered":"It is with great pleasure that we present our annual report, which reflect a rich year for the development of the energy transition ecosystem. Thanks to the commitment and passion of our team, we were able to launch several important initiatives to create sustainable prosperity, with a focus on leveraging our resources, innovations, talents and...","protected":false},"author":1,"featured_media":0,"parent":0,"menu_order":0,"comment_status":"closed","ping_status":"closed","template":"","meta":{"_acf_changed":false,"footnotes":""},"class_list":["post-440","page","type-page","status-publish","hentry"],"acf":[],"yoast_head":"<!-- This site is optimized with the Yoast SEO plugin v27.5 - https:\/\/yoast.com\/product\/yoast-seo-wordpress\/ -->\n<title>News - Vall\u00e9e de la transition \u00e9nerg\u00e9tique<\/title>\n<meta name=\"description\" content=\"Vall\u00e9e de la Transition \u00c9nerg\u00e9tique News - All the recent news concerning the Vall\u00e9e de la transition \u00e9nerg\u00e9tique.\" \/>\n<meta name=\"robots\" content=\"index, follow, max-snippet:-1, max-image-preview:large, max-video-preview:-1\" \/>\n<link rel=\"canonical\" href=\"https:\/\/zivte.com\/en\/news\/\" \/>\n<meta property=\"og:locale\" content=\"en_US\" \/>\n<meta property=\"og:type\" content=\"article\" \/>\n<meta property=\"og:title\" content=\"News - Vall\u00e9e de la transition \u00e9nerg\u00e9tique\" \/>\n<meta property=\"og:description\" content=\"Vall\u00e9e de la Transition \u00c9nerg\u00e9tique News - All the recent news concerning the Vall\u00e9e de la transition \u00e9nerg\u00e9tique.\" \/>\n<meta property=\"og:url\" content=\"https:\/\/zivte.com\/en\/news\/\" \/>\n<meta property=\"og:site_name\" content=\"Vall\u00e9e de la transition \u00e9nerg\u00e9tique\" \/>\n<meta property=\"article:modified_time\" content=\"2023-09-15T15:48:19+00:00\" \/>\n<meta property=\"og:image\" content=\"https:\/\/zivte.com\/assets\/2023\/04\/Facebook-Share.jpg\" \/>\n\t<meta property=\"og:image:width\" content=\"1200\" \/>\n\t<meta property=\"og:image:height\" content=\"630\" \/>\n\t<meta property=\"og:image:type\" content=\"image\/jpeg\" \/>\n<meta name=\"twitter:card\" content=\"summary_large_image\" \/>\n<meta name=\"twitter:label1\" content=\"Est. reading time\" \/>\n\t<meta name=\"twitter:data1\" content=\"1 minute\" \/>\n<script type=\"application\/ld+json\" class=\"yoast-schema-graph\">{\"@context\":\"https:\\\/\\\/schema.org\",\"@graph\":[{\"@type\":\"WebPage\",\"@id\":\"https:\\\/\\\/zivte.com\\\/en\\\/news\\\/\",\"url\":\"https:\\\/\\\/zivte.com\\\/en\\\/news\\\/\",\"name\":\"News - Vall\u00e9e de la transition \u00e9nerg\u00e9tique\",\"isPartOf\":{\"@id\":\"https:\\\/\\\/zivte.com\\\/en\\\/#website\"},\"datePublished\":\"2023-07-04T14:04:43+00:00\",\"dateModified\":\"2023-09-15T15:48:19+00:00\",\"description\":\"Vall\u00e9e de la Transition \u00c9nerg\u00e9tique News - All the recent news concerning the Vall\u00e9e de la transition \u00e9nerg\u00e9tique.\",\"breadcrumb\":{\"@id\":\"https:\\\/\\\/zivte.com\\\/en\\\/news\\\/#breadcrumb\"},\"inLanguage\":\"en-US\",\"potentialAction\":[{\"@type\":\"ReadAction\",\"target\":[\"https:\\\/\\\/zivte.com\\\/en\\\/news\\\/\"]}]},{\"@type\":\"BreadcrumbList\",\"@id\":\"https:\\\/\\\/zivte.com\\\/en\\\/news\\\/#breadcrumb\",\"itemListElement\":[{\"@type\":\"ListItem\",\"position\":1,\"name\":\"Accueil\",\"item\":\"https:\\\/\\\/zivte.com\\\/en\\\/\"},{\"@type\":\"ListItem\",\"position\":2,\"name\":\"News\"}]},{\"@type\":\"WebSite\",\"@id\":\"https:\\\/\\\/zivte.com\\\/en\\\/#website\",\"url\":\"https:\\\/\\\/zivte.com\\\/en\\\/\",\"name\":\"Vall\u00e9e de la transition \u00e9nerg\u00e9tique\",\"description\":\"Un \u00e9cosyst\u00e8me entrepreneurial et collaboratif entre les entreprises, les organisations et le monde du savoir.\",\"potentialAction\":[{\"@type\":\"SearchAction\",\"target\":{\"@type\":\"EntryPoint\",\"urlTemplate\":\"https:\\\/\\\/zivte.com\\\/en\\\/?s={search_term_string}\"},\"query-input\":{\"@type\":\"PropertyValueSpecification\",\"valueRequired\":true,\"valueName\":\"search_term_string\"}}],\"inLanguage\":\"en-US\"}]}<\/script>\n<!-- \/ Yoast SEO plugin. -->","yoast_head_json":{"title":"News - Vall\u00e9e de la transition \u00e9nerg\u00e9tique","description":"Vall\u00e9e de la Transition \u00c9nerg\u00e9tique News - All the recent news concerning the Vall\u00e9e de la transition \u00e9nerg\u00e9tique.","robots":{"index":"index","follow":"follow","max-snippet":"max-snippet:-1","max-image-preview":"max-image-preview:large","max-video-preview":"max-video-preview:-1"},"canonical":"https:\/\/zivte.com\/en\/news\/","og_locale":"en_US","og_type":"article","og_title":"News - Vall\u00e9e de la transition \u00e9nerg\u00e9tique","og_description":"Vall\u00e9e de la Transition \u00c9nerg\u00e9tique News - All the recent news concerning the Vall\u00e9e de la transition \u00e9nerg\u00e9tique.","og_url":"https:\/\/zivte.com\/en\/news\/","og_site_name":"Vall\u00e9e de la transition \u00e9nerg\u00e9tique","article_modified_time":"2023-09-15T15:48:19+00:00","og_image":[{"width":1200,"height":630,"url":"https:\/\/zivte.com\/assets\/2023\/04\/Facebook-Share.jpg","type":"image\/jpeg"}],"twitter_card":"summary_large_image","twitter_misc":{"Est. reading time":"1 minute"},"schema":{"@context":"https:\/\/schema.org","@graph":[{"@type":"WebPage","@id":"https:\/\/zivte.com\/en\/news\/","url":"https:\/\/zivte.com\/en\/news\/","name":"News - Vall\u00e9e de la transition \u00e9nerg\u00e9tique","isPartOf":{"@id":"https:\/\/zivte.com\/en\/#website"},"datePublished":"2023-07-04T14:04:43+00:00","dateModified":"2023-09-15T15:48:19+00:00","description":"Vall\u00e9e de la Transition \u00c9nerg\u00e9tique News - All the recent news concerning the Vall\u00e9e de la transition \u00e9nerg\u00e9tique.","breadcrumb":{"@id":"https:\/\/zivte.com\/en\/news\/#breadcrumb"},"inLanguage":"en-US","potentialAction":[{"@type":"ReadAction","target":["https:\/\/zivte.com\/en\/news\/"]}]},{"@type":"BreadcrumbList","@id":"https:\/\/zivte.com\/en\/news\/#breadcrumb","itemListElement":[{"@type":"ListItem","position":1,"name":"Accueil","item":"https:\/\/zivte.com\/en\/"},{"@type":"ListItem","position":2,"name":"News"}]},{"@type":"WebSite","@id":"https:\/\/zivte.com\/en\/#website","url":"https:\/\/zivte.com\/en\/","name":"Vall\u00e9e de la transition \u00e9nerg\u00e9tique","description":"Un \u00e9cosyst\u00e8me entrepreneurial et collaboratif entre les entreprises, les organisations et le monde du savoir.","potentialAction":[{"@type":"SearchAction","target":{"@type":"EntryPoint","urlTemplate":"https:\/\/zivte.com\/en\/?s={search_term_string}"},"query-input":{"@type":"PropertyValueSpecification","valueRequired":true,"valueName":"search_term_string"}}],"inLanguage":"en-US"}]}},"_links":{"self":[{"href":"https:\/\/zivte.com\/en\/wp-json\/wp\/v2\/pages\/440","targetHints":{"allow":["GET"]}}],"collection":[{"href":"https:\/\/zivte.com\/en\/wp-json\/wp\/v2\/pages"}],"about":[{"href":"https:\/\/zivte.com\/en\/wp-json\/wp\/v2\/types\/page"}],"author":[{"embeddable":true,"href":"https:\/\/zivte.com\/en\/wp-json\/wp\/v2\/users\/1"}],"replies":[{"embeddable":true,"href":"https:\/\/zivte.com\/en\/wp-json\/wp\/v2\/comments?post=440"}],"version-history":[{"count":0,"href":"https:\/\/zivte.com\/en\/wp-json\/wp\/v2\/pages\/440\/revisions"}],"wp:attachment":[{"href":"https:\/\/zivte.com\/en\/wp-json\/wp\/v2\/media?parent=440"}],"curies":[{"name":"wp","href":"https:\/\/api.w.org\/{rel}","templated":true}]}}